{"id":8719,"date":"2019-06-11T11:09:15","date_gmt":"2019-06-11T09:09:15","guid":{"rendered":"https:\/\/bulderplanet.com\/?page_id=8719"},"modified":"2022-11-08T12:46:03","modified_gmt":"2022-11-08T11:46:03","slug":"equipo","status":"publish","type":"page","link":"https:\/\/bulderplanet.com\/maresme\/equipo\/","title":{"rendered":"Equipo"},"content":{"rendered":"<p>[vc_row content_width=&#8221;grid&#8221; angled_shape=&#8221;yes&#8221; css=&#8221;.vc_custom_1560243585291{padding-top: 100px !important;padding-bottom: 100px !important;}&#8221;][vc_column]<div class=\"edgtf-elements-holder edgtf-two-columns edgtf-two-columns-50-50 edgtf-responsive-mode-768\" ><div class=\"edgtf-elements-holder-item \" data-item-class=\"edgtf-elements-holder-custom-100733\" >\n\t\t<div class=\"edgtf-elements-holder-item-inner\">\n\t\t<div class=\"edgtf-elements-holder-item-content edgtf-elements-holder-custom-100733\" >\n\t\t\t\n<div class=\"edgtf-section-title edgtf-section-align-center\" >\n\tEquipo\t<\/div>[vc_empty_space height=&#8221;4px&#8221;]<div class=\"edgtf-separator-holder clearfix  edgtf-separator-center\">\n\t<div class=\"edgtf-separator\" style=\"border-color: #6e92b6\"><\/div>\n<\/div>\n[vc_empty_space height=&#8221;34px&#8221;][vc_column_text]Cada miembro de nuestro equipo es muy importante. Desde &#8220;equipadores&#8221; (son los encargados de montar cada semana v\u00edas de escalada nuevas, colocando las presas en las paredes del rocodromo y creando movimientos para que aprendamos o mejoremos como escaladores), responsables de sala, community manager, entrenadores y monitores de actividades infantiles.<\/p>\n<p>Todos tenemos un objetivo com\u00fan, conseguir que las personas que vienen a Bulder Planet, sean escaladores con mucha experiencia, personas que quieren iniciarse en este deporte o ni\u00f1os, tengan una experiencia de ocio y deportiva que les haga felices durante el rato que est\u00e1n en el rocodromo.[\/vc_column_text][vc_empty_space height=&#8221;50px&#8221;]<div class=\"edgtf-iwt clearfix edgtf-iwt-icon-top edgtf-iwt-flip-enabled-no edgtf-iwt-icon-medium\">\n    <div class=\"edgtf-iwt-icon-holder\" >\n                    \n    <span class=\"edgtf-icon-shortcode normal edgtf-icon-medium\"  data-hover-color=\"#ffeb00\" data-color=\"#ffeb00\">\n                    <a href=\"https:\/\/bulderplanet.com\/equipo#equipo\" target=\"_self\" >\n        \n        <i class=\"edgtf-icon-font-awesome fa fa-arrow-circle-down edgtf-icon-element\" style=\"color: #ffeb00\" ><\/i>\n                    <\/a>\n            <\/span>\n\n            <\/div>\n    <div class=\"edgtf-iwt-content-holder\" >\n        <div class=\"edgtf-iwt-title-holder\">\n            <h5 >M\u00c1S INFO<\/h5>\n        <\/div>\n        <div class=\"edgtf-iwt-text-holder\">\n            <p ><\/p>\n\n                    <\/div>\n    <\/div>\n<\/div>\t\t<\/div>\n\t<\/div>\n<\/div><div class=\"edgtf-elements-holder-item \" data-item-class=\"edgtf-elements-holder-custom-894305\" >\n\t\t<div class=\"edgtf-elements-holder-item-inner\">\n\t\t<div class=\"edgtf-elements-holder-item-content edgtf-elements-holder-custom-894305\" >\n\t\t\t[vc_single_image image=&#8221;8920&#8243; img_size=&#8221;full&#8221;]\t\t<\/div>\n\t<\/div>\n<\/div><\/div>[\/vc_column][\/vc_row][vc_row content_width=&#8221;grid&#8221; css=&#8221;.vc_custom_1575455938718{padding-top: 150px !important;padding-bottom: 50px !important;background-color: #f4f4f4 !important;}&#8221; el_id=&#8221;equipo&#8221;][vc_column]<div class=\"edgtf-elements-holder edgtf-four-columns edgtf-responsive-mode-768\" ><div class=\"edgtf-elements-holder-item edgtf-vertical-alignment-top\" data-item-class=\"edgtf-elements-holder-custom-594493\" >\n\t\t<div class=\"edgtf-elements-holder-item-inner\">\n\t\t<div class=\"edgtf-elements-holder-item-content edgtf-elements-holder-custom-594493\" >\n\t\t\t\n<div class=\"edgtf-section-title edgtf-section-align-left\" >\n\tJos\u00e9 Ram\u00f3n Mart\u00ednez\t<\/div><div class=\"edgtf-separator-holder clearfix  edgtf-separator-left\">\n\t<div class=\"edgtf-separator\" style=\"border-color: #ffeb00\"><\/div>\n<\/div>\n[vc_column_text]<strong>Promotor y gerente<\/strong><br \/>\nPromotor del roc\u00f3dromo y gerente. Intenta que la sala este en perfectas condiciones cada d\u00eda y se preocupa de los proyectos de mejora\/ampliaci\u00f3n de instalaciones, desarrollo de nuevos servicios, gesti\u00f3n de recursos humanos y adminsitrativa.[\/vc_column_text]\t\t<\/div>\n\t<\/div>\n<\/div><div class=\"edgtf-elements-holder-item \" data-item-class=\"edgtf-elements-holder-custom-757950\" >\n\t\t<div class=\"edgtf-elements-holder-item-inner\">\n\t\t<div class=\"edgtf-elements-holder-item-content edgtf-elements-holder-custom-757950\" >\n\t\t\t[vc_single_image image=&#8221;9394&#8243; img_size=&#8221;full&#8221;]\t\t<\/div>\n\t<\/div>\n<\/div><div class=\"edgtf-elements-holder-item edgtf-vertical-alignment-top\" data-item-class=\"edgtf-elements-holder-custom-862610\" >\n\t\t<div class=\"edgtf-elements-holder-item-inner\">\n\t\t<div class=\"edgtf-elements-holder-item-content edgtf-elements-holder-custom-862610\" >\n\t\t\t\n<div class=\"edgtf-section-title edgtf-section-align-left\" >\n\tRoger Crespo\t<\/div><div class=\"edgtf-separator-holder clearfix  edgtf-separator-left\">\n\t<div class=\"edgtf-separator\" style=\"border-color: #ffeb00\"><\/div>\n<\/div>\n[vc_column_text]<strong>Equipo de sala<\/strong><br \/>\n<span style=\"font-weight: 400;\">Coordinador de la equipaci\u00f3n de la sala y responsable de los grupos de entrenamiento de adultos y del equipo de competici\u00f3n juvenil.<\/span>[\/vc_column_text]\t\t<\/div>\n\t<\/div>\n<\/div><div class=\"edgtf-elements-holder-item \" data-item-class=\"edgtf-elements-holder-custom-980338\" >\n\t\t<div class=\"edgtf-elements-holder-item-inner\">\n\t\t<div class=\"edgtf-elements-holder-item-content edgtf-elements-holder-custom-980338\" >\n\t\t\t[vc_single_image image=&#8221;9395&#8243; img_size=&#8221;full&#8221;]\t\t<\/div>\n\t<\/div>\n<\/div><\/div>[\/vc_column][\/vc_row][vc_row content_width=&#8221;grid&#8221; css=&#8221;.vc_custom_1573127300894{padding-bottom: 50px !important;background-color: #f4f4f4 !important;}&#8221;][vc_column]<div class=\"edgtf-elements-holder edgtf-four-columns edgtf-responsive-mode-768\" ><div class=\"edgtf-elements-holder-item edgtf-vertical-alignment-top\" data-item-class=\"edgtf-elements-holder-custom-284874\" >\n\t\t<div class=\"edgtf-elements-holder-item-inner\">\n\t\t<div class=\"edgtf-elements-holder-item-content edgtf-elements-holder-custom-284874\" >\n\t\t\t\n<div class=\"edgtf-section-title edgtf-section-align-left\" >\n\tAugust Jutglar\t<\/div><div class=\"edgtf-separator-holder clearfix  edgtf-separator-left\">\n\t<div class=\"edgtf-separator\" style=\"border-color: #ffeb00\"><\/div>\n<\/div>\n[vc_column_text]<strong>Equipo de sala\u00a0<\/strong><br \/>\n<span style=\"font-weight: 400;\">Coordinador de la escuela de escalada juvenil e infantil y de las actividades con colegios, asociaciones y entidades. Desarrolla las programaciones metodologicas de todos los servicios para ni\u00f1os y realiza tareas comerciales (captaci\u00f3n) y de atenci\u00f3n a clientes (seguimiento a colegios, asociaciones, etc..).<\/span><br \/>\nTambi\u00e9n es el encargado de impartir nuestros cursos de iniciaci\u00f3n par adultos.[\/vc_column_text]\t\t<\/div>\n\t<\/div>\n<\/div><div class=\"edgtf-elements-holder-item edgtf-vertical-alignment-top\" data-item-class=\"edgtf-elements-holder-custom-717109\" >\n\t\t<div class=\"edgtf-elements-holder-item-inner\">\n\t\t<div class=\"edgtf-elements-holder-item-content edgtf-elements-holder-custom-717109\" >\n\t\t\t[vc_single_image image=&#8221;9435&#8243; img_size=&#8221;full&#8221;]\t\t<\/div>\n\t<\/div>\n<\/div><div class=\"edgtf-elements-holder-item edgtf-vertical-alignment-top\" data-item-class=\"edgtf-elements-holder-custom-895769\" >\n\t\t<div class=\"edgtf-elements-holder-item-inner\">\n\t\t<div class=\"edgtf-elements-holder-item-content edgtf-elements-holder-custom-895769\" >\n\t\t\t\n<div class=\"edgtf-section-title edgtf-section-align-left\" >\n\tMarc Magri\u00f1a\t<\/div><div class=\"edgtf-separator-holder clearfix  edgtf-separator-left\">\n\t<div class=\"edgtf-separator\" style=\"border-color: #ffeb00\"><\/div>\n<\/div>\n[vc_column_text]<strong>Equipo de sala y recepci\u00f3n<\/strong><br \/>\n<span style=\"font-weight: 400;\">Responsable de sala y recepci\u00f3n durante la semana y coordinador de la escuela de Escalada<\/span><\/p>\n<p><span style=\"font-weight: 400;\">Tambi\u00e9n trabaja como monitor con grupos de nuestra escuela de escalada y se encarga de la gesti\u00f3n administrativa que deriva este servicio (horarios, mailing con las familias, b\u00fasqueda de monitores) y en general todos los servicios infantiles (cumplea\u00f1os, colonias&#8230;)<\/span>[\/vc_column_text]\t\t<\/div>\n\t<\/div>\n<\/div><div class=\"edgtf-elements-holder-item edgtf-vertical-alignment-top\" data-item-class=\"edgtf-elements-holder-custom-649510\" >\n\t\t<div class=\"edgtf-elements-holder-item-inner\">\n\t\t<div class=\"edgtf-elements-holder-item-content edgtf-elements-holder-custom-649510\" >\n\t\t\t[vc_single_image image=&#8221;44459&#8243; img_size=&#8221;full&#8221;]\t\t<\/div>\n\t<\/div>\n<\/div><\/div>[\/vc_column][\/vc_row][vc_row content_width=&#8221;grid&#8221; css=&#8221;.vc_custom_1560245669544{padding-bottom: 50px !important;background-color: #f4f4f4 !important;}&#8221;][vc_column]<div class=\"edgtf-elements-holder edgtf-four-columns edgtf-responsive-mode-768\" ><div class=\"edgtf-elements-holder-item edgtf-vertical-alignment-top\" data-item-class=\"edgtf-elements-holder-custom-802962\" >\n\t\t<div class=\"edgtf-elements-holder-item-inner\">\n\t\t<div class=\"edgtf-elements-holder-item-content edgtf-elements-holder-custom-802962\" >\n\t\t\t\n<div class=\"edgtf-section-title edgtf-section-align-left\" >\n\tAlbert Carbonell\t<\/div><div class=\"edgtf-separator-holder clearfix  edgtf-separator-left\">\n\t<div class=\"edgtf-separator\" style=\"border-color: #ffeb00\"><\/div>\n<\/div>\n[vc_column_text]<strong>Equipo de sala\u00a0<\/strong><br \/>\n<span style=\"font-weight: 400;\">Entrenador de nuestra escuela de escalada y responsable de los Bautismo y cursos de iniciaci\u00f3n de adultos.<\/span><\/p>\n<p><span style=\"font-weight: 400;\">Tambi\u00e9n es equipador de bloques v\u00edas en el rocodromo, ayudando a Roger Crespo.<\/span>[\/vc_column_text]\t\t<\/div>\n\t<\/div>\n<\/div><div class=\"edgtf-elements-holder-item edgtf-vertical-alignment-top\" data-item-class=\"edgtf-elements-holder-custom-586992\" >\n\t\t<div class=\"edgtf-elements-holder-item-inner\">\n\t\t<div class=\"edgtf-elements-holder-item-content edgtf-elements-holder-custom-586992\" >\n\t\t\t[vc_single_image image=&#8221;44460&#8243; img_size=&#8221;full&#8221;]\t\t<\/div>\n\t<\/div>\n<\/div><div class=\"edgtf-elements-holder-item edgtf-vertical-alignment-top\" data-item-class=\"edgtf-elements-holder-custom-509753\" >\n\t\t<div class=\"edgtf-elements-holder-item-inner\">\n\t\t<div class=\"edgtf-elements-holder-item-content edgtf-elements-holder-custom-509753\" >\n\t\t\t\n<div class=\"edgtf-section-title edgtf-section-align-left\" >\n\tAnna Cotet\t<\/div><div class=\"edgtf-separator-holder clearfix  edgtf-separator-left\">\n\t<div class=\"edgtf-separator\" style=\"border-color: #ffeb00\"><\/div>\n<\/div>\n[vc_column_text]<strong>Entrenadora de la escuela d escalada\u00a0<\/strong><br \/>\nUna de nuestras entrenadoras de la Escuela de Escalada. Ense\u00f1a a los ni\u00f1os y ni\u00f1as m\u00e1s peque\u00f1os t\u00e9cnica de escalada a trav\u00e9s de juegos, ejercicios, mucha practica y diversi\u00f3n.[\/vc_column_text]\t\t<\/div>\n\t<\/div>\n<\/div><div class=\"edgtf-elements-holder-item edgtf-vertical-alignment-top\" data-item-class=\"edgtf-elements-holder-custom-624706\" >\n\t\t<div class=\"edgtf-elements-holder-item-inner\">\n\t\t<div class=\"edgtf-elements-holder-item-content edgtf-elements-holder-custom-624706\" >\n\t\t\t[vc_single_image image=&#8221;44485&#8243; img_size=&#8221;full&#8221;]\t\t<\/div>\n\t<\/div>\n<\/div><\/div>[\/vc_column][\/vc_row][vc_row content_width=&#8221;grid&#8221; css=&#8221;.vc_custom_1560245676093{padding-bottom: 100px !important;background-color: #f4f4f4 !important;}&#8221;][vc_column]<div class=\"edgtf-elements-holder edgtf-four-columns edgtf-responsive-mode-768\" ><div class=\"edgtf-elements-holder-item edgtf-vertical-alignment-top\" data-item-class=\"edgtf-elements-holder-custom-178805\" >\n\t\t<div class=\"edgtf-elements-holder-item-inner\">\n\t\t<div class=\"edgtf-elements-holder-item-content edgtf-elements-holder-custom-178805\" >\n\t\t\t\n<div class=\"edgtf-section-title edgtf-section-align-left\" >\n\tFerr\u00e1n Pallar\u00e9s\t<\/div><div class=\"edgtf-separator-holder clearfix  edgtf-separator-left\">\n\t<div class=\"edgtf-separator\" style=\"border-color: #ffeb00\"><\/div>\n<\/div>\n[vc_column_text]<strong>Equipador y entrenador<\/strong><br \/>\n<span style=\"font-weight: 400;\">De &#8220;b\u00falders de competici\u00f3n&#8221;. Escalador de alto nivel y tiene especial talento para crear y ejecutar el tipo de bloques que predominan actualmente en las competiciones nacionales e internacionales.<\/span> Competidores de diferentes partes de Catalu\u00f1a se desplazan hasta Bulder Planet, normalmente 1 d\u00eda a la semana, para entrenar con \u00e9l esta &#8220;disciplina&#8221; y mejorar sus resultados.[\/vc_column_text]\t\t<\/div>\n\t<\/div>\n<\/div><div class=\"edgtf-elements-holder-item edgtf-vertical-alignment-top\" data-item-class=\"edgtf-elements-holder-custom-165457\" >\n\t\t<div class=\"edgtf-elements-holder-item-inner\">\n\t\t<div class=\"edgtf-elements-holder-item-content edgtf-elements-holder-custom-165457\" >\n\t\t\t[vc_single_image image=&#8221;9397&#8243; img_size=&#8221;full&#8221;]\t\t<\/div>\n\t<\/div>\n<\/div><div class=\"edgtf-elements-holder-item edgtf-vertical-alignment-top\" data-item-class=\"edgtf-elements-holder-custom-321563\" >\n\t\t<div class=\"edgtf-elements-holder-item-inner\">\n\t\t<div class=\"edgtf-elements-holder-item-content edgtf-elements-holder-custom-321563\" >\n\t\t\t\n<div class=\"edgtf-section-title edgtf-section-align-left\" >\n\tEquipadores invitados\t<\/div><div class=\"edgtf-separator-holder clearfix  edgtf-separator-left\">\n\t<div class=\"edgtf-separator\" style=\"border-color: #ffeb00\"><\/div>\n<\/div>\n[vc_column_text]<strong>Equipadores<\/strong><br \/>\nHabituales como F\u00e9lix Obrad\u00f3, Sergio verdasco, Carlos Catari, Pol Roca, Marco Jubes y muchos otros de manera m\u00e1s puntual, han pasado por nuestra sala y nos han ayudado a ofrecer una experiencia enriquecedora a nuestros clientes y, sobre todo, a crear una metodolog\u00eda de equipaci\u00f3n propia de Bulder Planet.[\/vc_column_text]\t\t<\/div>\n\t<\/div>\n<\/div><div class=\"edgtf-elements-holder-item edgtf-vertical-alignment-top\" data-item-class=\"edgtf-elements-holder-custom-481953\" >\n\t\t<div class=\"edgtf-elements-holder-item-inner\">\n\t\t<div class=\"edgtf-elements-holder-item-content edgtf-elements-holder-custom-481953\" >\n\t\t\t[vc_single_image image=&#8221;9429&#8243; img_size=&#8221;full&#8221;]\t\t<\/div>\n\t<\/div>\n<\/div><\/div>[\/vc_column][\/vc_row][vc_row content_width=&#8221;grid&#8221; css=&#8221;.vc_custom_1560245676093{padding-bottom: 100px !important;background-color: #f4f4f4 !important;}&#8221;][vc_column]<div class=\"edgtf-elements-holder edgtf-four-columns edgtf-responsive-mode-768\" ><div class=\"edgtf-elements-holder-item edgtf-vertical-alignment-top\" data-item-class=\"edgtf-elements-holder-custom-921070\" >\n\t\t<div class=\"edgtf-elements-holder-item-inner\">\n\t\t<div class=\"edgtf-elements-holder-item-content edgtf-elements-holder-custom-921070\" >\n\t\t\t\n<div class=\"edgtf-section-title edgtf-section-align-left\" >\n\tAgn\u00e9s Tost\u00f3n\t<\/div><div class=\"edgtf-separator-holder clearfix  edgtf-separator-left\">\n\t<div class=\"edgtf-separator\" style=\"border-color: #ffeb00\"><\/div>\n<\/div>\n[vc_column_text]<strong>Cargo<\/strong><br \/>\nResponsable de sala los fines de semana y monitora de bautismos y aniversarios. Agn\u00e9s se encarga de que el fin de semana la sala tambi\u00e9n este perfecta para que podamos venir a escalar y disfrutar de un buen rato con los amigos.[\/vc_column_text]\t\t<\/div>\n\t<\/div>\n<\/div><div class=\"edgtf-elements-holder-item edgtf-vertical-alignment-top\" data-item-class=\"edgtf-elements-holder-custom-866056\" >\n\t\t<div class=\"edgtf-elements-holder-item-inner\">\n\t\t<div class=\"edgtf-elements-holder-item-content edgtf-elements-holder-custom-866056\" >\n\t\t\t[vc_single_image image=&#8221;44490&#8243; img_size=&#8221;full&#8221;]\t\t<\/div>\n\t<\/div>\n<\/div><div class=\"edgtf-elements-holder-item edgtf-vertical-alignment-top\" data-item-class=\"edgtf-elements-holder-custom-685433\" >\n\t\t<div class=\"edgtf-elements-holder-item-inner\">\n\t\t<div class=\"edgtf-elements-holder-item-content edgtf-elements-holder-custom-685433\" >\n\t\t\t\n<div class=\"edgtf-section-title edgtf-section-align-left\" >\n\tJulia Sintes\t<\/div><div class=\"edgtf-separator-holder clearfix  edgtf-separator-left\">\n\t<div class=\"edgtf-separator\" style=\"border-color: #ffeb00\"><\/div>\n<\/div>\n[vc_column_text]<strong>Cargo<\/strong><br \/>\nMonitora de nuestra escuela de escalada. Se encarga de las clases de los s\u00e1bados por la ma\u00f1ana y tambi\u00e9n hace Bautismos y aniversarios infantiles. El resto del fin de semana ayuda a Agn\u00e9s en recepci\u00f3n y a atender el bar de Bulder Planet.[\/vc_column_text]\t\t<\/div>\n\t<\/div>\n<\/div><div class=\"edgtf-elements-holder-item edgtf-vertical-alignment-top\" data-item-class=\"edgtf-elements-holder-custom-755805\" >\n\t\t<div class=\"edgtf-elements-holder-item-inner\">\n\t\t<div class=\"edgtf-elements-holder-item-content edgtf-elements-holder-custom-755805\" >\n\t\t\t[vc_single_image img_size=&#8221;full&#8221;]\t\t<\/div>\n\t<\/div>\n<\/div><\/div>[\/vc_column][\/vc_row][vc_row content_width=&#8221;grid&#8221; css=&#8221;.vc_custom_1560245676093{padding-bottom: 100px !important;background-color: #f4f4f4 !important;}&#8221;][vc_column]<div class=\"edgtf-elements-holder edgtf-four-columns edgtf-responsive-mode-768\" ><div class=\"edgtf-elements-holder-item edgtf-vertical-alignment-top\" data-item-class=\"edgtf-elements-holder-custom-390663\" >\n\t\t<div class=\"edgtf-elements-holder-item-inner\">\n\t\t<div class=\"edgtf-elements-holder-item-content edgtf-elements-holder-custom-390663\" >\n\t\t\t\n<div class=\"edgtf-section-title edgtf-section-align-left\" >\n\tMonica Fors\t<\/div><div class=\"edgtf-separator-holder clearfix  edgtf-separator-left\">\n\t<div class=\"edgtf-separator\" style=\"border-color: #ffeb00\"><\/div>\n<\/div>\n[vc_column_text]<strong>Cargo<\/strong><br \/>\nMonica es una de nuestras monitores de la escuela de escalada y tambi\u00e9n trabaja en recepci\u00f3n por las tardes de lunes a viernes.[\/vc_column_text]\t\t<\/div>\n\t<\/div>\n<\/div><div class=\"edgtf-elements-holder-item edgtf-vertical-alignment-top\" data-item-class=\"edgtf-elements-holder-custom-816056\" >\n\t\t<div class=\"edgtf-elements-holder-item-inner\">\n\t\t<div class=\"edgtf-elements-holder-item-content edgtf-elements-holder-custom-816056\" >\n\t\t\t[vc_single_image image=&#8221;44487&#8243; img_size=&#8221;full&#8221;]\t\t<\/div>\n\t<\/div>\n<\/div><div class=\"edgtf-elements-holder-item edgtf-vertical-alignment-top\" data-item-class=\"edgtf-elements-holder-custom-230305\" >\n\t\t<div class=\"edgtf-elements-holder-item-inner\">\n\t\t<div class=\"edgtf-elements-holder-item-content edgtf-elements-holder-custom-230305\" >\n\t\t\t\n<div class=\"edgtf-section-title edgtf-section-align-left\" >\n\tJordi Carn\u00e9\t<\/div><div class=\"edgtf-separator-holder clearfix  edgtf-separator-left\">\n\t<div class=\"edgtf-separator\" style=\"border-color: #ffeb00\"><\/div>\n<\/div>\n[vc_column_text]<strong>Cargo<\/strong><br \/>\nNuestra \u00faltima incorporaci\u00f3n al equipo de Bulder Planet. Jordi trabaja en recepci\u00f3n y nos ayuda como monitor en algunas actividades.[\/vc_column_text]\t\t<\/div>\n\t<\/div>\n<\/div><div class=\"edgtf-elements-holder-item edgtf-vertical-alignment-top\" data-item-class=\"edgtf-elements-holder-custom-490085\" >\n\t\t<div class=\"edgtf-elements-holder-item-inner\">\n\t\t<div class=\"edgtf-elements-holder-item-content edgtf-elements-holder-custom-490085\" >\n\t\t\t[vc_single_image image=&#8221;44471&#8243; img_size=&#8221;full&#8221;]\t\t<\/div>\n\t<\/div>\n<\/div><\/div>[\/vc_column][\/vc_row]<\/p>\n","protected":false},"excerpt":{"rendered":"<p>[vc_row content_width=&#8221;grid&#8221; angled_shape=&#8221;yes&#8221; css=&#8221;.vc_custom_1560243585291{padding-top: 100px !important;padding-bottom: 100px !important;}&#8221;][vc_column][\/vc_column][\/vc_row][vc_row content_width=&#8221;grid&#8221; css=&#8221;.vc_custom_1575455938718{padding-top: 150px !important;padding-bottom: 50px !important;background-color: #f4f4f4 !important;}&#8221; el_id=&#8221;equipo&#8221;][vc_column][\/vc_column][\/vc_row][vc_row content_width=&#8221;grid&#8221; css=&#8221;.vc_custom_1573127300894{padding-bottom: 50px !important;background-color: #f4f4f4 !important;}&#8221;][vc_column][\/vc_column][\/vc_row][vc_row content_width=&#8221;grid&#8221; css=&#8221;.vc_custom_1560245669544{padding-bottom: 50px !important;background-color: #f4f4f4 !important;}&#8221;][vc_column][\/vc_column][\/vc_row][vc_row content_width=&#8221;grid&#8221; css=&#8221;.vc_custom_1560245676093{padding-bottom: 100px !important;background-color: #f4f4f4 !important;}&#8221;][vc_column][\/vc_column][\/vc_row][vc_row content_width=&#8221;grid&#8221; css=&#8221;.vc_custom_1560245676093{padding-bottom: 100px !important;background-color: #f4f4f4 !important;}&#8221;][vc_column][\/vc_column][\/vc_row][vc_row content_width=&#8221;grid&#8221; css=&#8221;.vc_custom_1560245676093{padding-bottom: 100px !important;background-color:&#8230;<\/p>\n","protected":false},"author":2,"featured_media":0,"parent":0,"menu_order":0,"comment_status":"closed","ping_status":"closed","template":"full-width.php","meta":[],"yoast_head":"<!-- This site is optimized with the Yoast SEO plugin v15.7 - https:\/\/yoast.com\/wordpress\/plugins\/seo\/ -->\n<title>Equipo - BulderPlanet<\/title>\n<meta name=\"robots\" content=\"index, follow, max-snippet:-1, max-image-preview:large, max-video-preview:-1\" \/>\n<link rel=\"canonical\" href=\"https:\/\/bulderplanet.com\/maresme\/equipo\/\" \/>\n<meta property=\"og:locale\" content=\"es_ES\" \/>\n<meta property=\"og:type\" content=\"article\" \/>\n<meta property=\"og:title\" content=\"Equipo - BulderPlanet\" \/>\n<meta property=\"og:description\" content=\"[vc_row content_width=&#8221;grid&#8221; angled_shape=&#8221;yes&#8221; css=&#8221;.vc_custom_1560243585291{padding-top: 100px !important;padding-bottom: 100px !important;}&#8221;][vc_column][\/vc_column][\/vc_row][vc_row content_width=&#8221;grid&#8221; css=&#8221;.vc_custom_1575455938718{padding-top: 150px !important;padding-bottom: 50px !important;background-color: #f4f4f4 !important;}&#8221; el_id=&#8221;equipo&#8221;][vc_column][\/vc_column][\/vc_row][vc_row content_width=&#8221;grid&#8221; css=&#8221;.vc_custom_1573127300894{padding-bottom: 50px !important;background-color: #f4f4f4 !important;}&#8221;][vc_column][\/vc_column][\/vc_row][vc_row content_width=&#8221;grid&#8221; css=&#8221;.vc_custom_1560245669544{padding-bottom: 50px !important;background-color: #f4f4f4 !important;}&#8221;][vc_column][\/vc_column][\/vc_row][vc_row content_width=&#8221;grid&#8221; css=&#8221;.vc_custom_1560245676093{padding-bottom: 100px !important;background-color: #f4f4f4 !important;}&#8221;][vc_column][\/vc_column][\/vc_row][vc_row content_width=&#8221;grid&#8221; css=&#8221;.vc_custom_1560245676093{padding-bottom: 100px !important;background-color: #f4f4f4 !important;}&#8221;][vc_column][\/vc_column][\/vc_row][vc_row content_width=&#8221;grid&#8221; css=&#8221;.vc_custom_1560245676093{padding-bottom: 100px !important;background-color:...\" \/>\n<meta property=\"og:url\" content=\"https:\/\/bulderplanet.com\/maresme\/equipo\/\" \/>\n<meta property=\"og:site_name\" content=\"BulderPlanet\" \/>\n<meta property=\"article:modified_time\" content=\"2022-11-08T11:46:03+00:00\" \/>\n<meta name=\"twitter:card\" content=\"summary_large_image\" \/>\n<meta name=\"twitter:label1\" content=\"Tiempo de lectura\">\n\t<meta name=\"twitter:data1\" content=\"4 minutos\">\n<script type=\"application\/ld+json\" class=\"yoast-schema-graph\">{\"@context\":\"https:\/\/schema.org\",\"@graph\":[{\"@type\":\"WebSite\",\"@id\":\"https:\/\/bulderplanet.com\/maresme\/#website\",\"url\":\"https:\/\/bulderplanet.com\/maresme\/\",\"name\":\"BulderPlanet\",\"description\":\"Roc\\u00f3dromo Matar\\u00f3\",\"potentialAction\":[{\"@type\":\"SearchAction\",\"target\":\"https:\/\/bulderplanet.com\/maresme\/?s={search_term_string}\",\"query-input\":\"required name=search_term_string\"}],\"inLanguage\":\"es\"},{\"@type\":\"WebPage\",\"@id\":\"https:\/\/bulderplanet.com\/maresme\/equipo\/#webpage\",\"url\":\"https:\/\/bulderplanet.com\/maresme\/equipo\/\",\"name\":\"Equipo - BulderPlanet\",\"isPartOf\":{\"@id\":\"https:\/\/bulderplanet.com\/maresme\/#website\"},\"datePublished\":\"2019-06-11T09:09:15+00:00\",\"dateModified\":\"2022-11-08T11:46:03+00:00\",\"inLanguage\":\"es\",\"potentialAction\":[{\"@type\":\"ReadAction\",\"target\":[\"https:\/\/bulderplanet.com\/maresme\/equipo\/\"]}]}]}<\/script>\n<!-- \/ Yoast SEO plugin. -->","_links":{"self":[{"href":"https:\/\/bulderplanet.com\/maresme\/wp-json\/wp\/v2\/pages\/8719"}],"collection":[{"href":"https:\/\/bulderplanet.com\/maresme\/wp-json\/wp\/v2\/pages"}],"about":[{"href":"https:\/\/bulderplanet.com\/maresme\/wp-json\/wp\/v2\/types\/page"}],"author":[{"embeddable":true,"href":"https:\/\/bulderplanet.com\/maresme\/wp-json\/wp\/v2\/users\/2"}],"replies":[{"embeddable":true,"href":"https:\/\/bulderplanet.com\/maresme\/wp-json\/wp\/v2\/comments?post=8719"}],"version-history":[{"count":60,"href":"https:\/\/bulderplanet.com\/maresme\/wp-json\/wp\/v2\/pages\/8719\/revisions"}],"predecessor-version":[{"id":44491,"href":"https:\/\/bulderplanet.com\/maresme\/wp-json\/wp\/v2\/pages\/8719\/revisions\/44491"}],"wp:attachment":[{"href":"https:\/\/bulderplanet.com\/maresme\/wp-json\/wp\/v2\/media?parent=8719"}],"curies":[{"name":"wp","href":"https:\/\/api.w.org\/{rel}","templated":true}]}}